{"id":161,"date":"2022-12-18T13:55:09","date_gmt":"2022-12-18T12:55:09","guid":{"rendered":"https:\/\/wiener.ch\/thorgevsky-wiener\/?page_id=161"},"modified":"2026-03-30T21:27:24","modified_gmt":"2026-03-30T19:27:24","slug":"buecher","status":"publish","type":"page","link":"https:\/\/wiener.ch\/thorgevsky-wiener\/buecher\/","title":{"rendered":"B\u00fccher"},"content":{"rendered":"\n<p>Wir haben hier eine sch\u00f6ne Auswahl an B\u00fcchern anzubieten, die in jeder Buchhandlung oder bei uns (z.B. inkl. Widmung) bestellt werden k\u00f6nnen <br><a href=\"thorgevsky@wiener.ch\" data-type=\"URL\" data-id=\"thorgevsky@wiener.ch\">Mail an Thorgevsky &amp; Wiener<\/a><\/p>\n\n\n\n<hr class=\"wp-block-separator has-alpha-channel-opacity\"\/>\n\n\n\n<div class=\"wp-block-columns is-layout-flex wp-container-core-columns-is-layout-28f84493 wp-block-columns-is-layout-flex\"><\/div>\n\n\n\n<div class=\"wp-block-columns is-layout-flex wp-container-core-columns-is-layout-28f84493 wp-block-columns-is-layout-flex\">\n<div class=\"wp-block-column is-layout-flow wp-block-column-is-layout-flow\">\n<p class=\"has-large-font-size\"><strong>Wo Berge das Sagen haben<\/strong><\/p>\n\n\n\n<p class=\"has-medium-font-size\">Kl\u00f6ntaler Geschichten von Maria Thorgevskaja<\/p>\n\n\n\n<p class=\"has-small-font-size\">Was wurde nicht schon alles \u00fcber Berge geschrieben! Sie werden besungen, gemalt und bestiegen.<br>Maria Thorgevskaja kehrt die Sache um: Wir erfahren endlich, wie ein Berg die Menschen sieht, die da in den Jahrhunderten an den \u201ePlanggen\u201c des Kl\u00f6ntals herumgekraxelt sind: Bergbauern, Hexen, M\u00f6nche&#8230;<br>Der Berg erz\u00e4hlt neue Sagen und weiss den Menschen tief in die Seele zu schauen.&nbsp;<\/p>\n\n\n\n<p class=\"has-small-font-size\">Erschienen beim Baeschlin Verlag Glarus&nbsp;<br>ISBN-9783855463800&nbsp;<br>CHF 29.80 + Versand<\/p>\n<\/div>\n\n\n\n<div class=\"wp-block-column is-layout-flow wp-block-column-is-layout-flow\">\n<figure class=\"wp-block-image size-large\"><img loading=\"lazy\" decoding=\"async\" width=\"634\" height=\"1024\" src=\"https:\/\/wiener.ch\/thorgevsky-wiener\/wp-content\/uploads\/sites\/5\/2022\/12\/Sagen-Cover-634x1024.jpg\" alt=\"\" class=\"wp-image-176\" srcset=\"https:\/\/wiener.ch\/thorgevsky-wiener\/wp-content\/uploads\/sites\/5\/2022\/12\/Sagen-Cover-634x1024.jpg 634w, https:\/\/wiener.ch\/thorgevsky-wiener\/wp-content\/uploads\/sites\/5\/2022\/12\/Sagen-Cover-186x300.jpg 186w, https:\/\/wiener.ch\/thorgevsky-wiener\/wp-content\/uploads\/sites\/5\/2022\/12\/Sagen-Cover-768x1241.jpg 768w, https:\/\/wiener.ch\/thorgevsky-wiener\/wp-content\/uploads\/sites\/5\/2022\/12\/Sagen-Cover-950x1536.jpg 950w, https:\/\/wiener.ch\/thorgevsky-wiener\/wp-content\/uploads\/sites\/5\/2022\/12\/Sagen-Cover.jpg 1000w\" sizes=\"auto, (max-width: 634px) 100vw, 634px\" \/><\/figure>\n<\/div>\n<\/div>\n\n\n\n<hr class=\"wp-block-separator has-alpha-channel-opacity\"\/>\n\n\n\n<div class=\"wp-block-columns is-layout-flex wp-container-core-columns-is-layout-28f84493 wp-block-columns-is-layout-flex\">\n<div class=\"wp-block-column is-layout-flow wp-block-column-is-layout-flow\">\n<p class=\"has-large-font-size\"><strong>Alpenclub der Tiere<\/strong><\/p>\n\n\n\n<p>Ein Bilderbuch f\u00fcr Erwachsene, aus dem Englischen von Dan Wiener<\/p>\n\n\n\n<p class=\"has-small-font-size\">1910 hat Graham Clifton Bingham die Anf\u00e4nge der Bergsteigerei mit wunderbar witzigen Versen beschrieben, in denen die Bergsteigeranf\u00e4nger Jumbo, Leo und Hippo vom Bergf\u00fchrer B\u00e4r Brun begleitet werden. Die herrlichen Illustrationen dazu stammen von George Henry Thompson.&nbsp;<\/p>\n\n\n\n<p class=\"has-small-font-size\">Das Bilderbuch (f\u00fcr erwachsene und junge Bergfans) ist beim AS-Verlag in einer sch\u00f6nen Ausgabe neu erschienen. Dan Wiener hat den Text ins Deutsche \u00fcbertragen \u2013 in Gedichtform!&nbsp;<\/p>\n\n\n\n<p class=\"has-small-font-size\">Erschienen beim AV-Verlag<br>ISBN: 978-3-906055-86-2<br>CHF 29.80 + Versand<\/p>\n\n\n\n<figure class=\"wp-block-image size-full\"><img loading=\"lazy\" decoding=\"async\" width=\"870\" height=\"681\" src=\"https:\/\/wiener.ch\/thorgevsky-wiener\/wp-content\/uploads\/sites\/5\/2022\/12\/Alpenclub.jpg\" alt=\"\" class=\"wp-image-163\" srcset=\"https:\/\/wiener.ch\/thorgevsky-wiener\/wp-content\/uploads\/sites\/5\/2022\/12\/Alpenclub.jpg 870w, https:\/\/wiener.ch\/thorgevsky-wiener\/wp-content\/uploads\/sites\/5\/2022\/12\/Alpenclub-300x235.jpg 300w, https:\/\/wiener.ch\/thorgevsky-wiener\/wp-content\/uploads\/sites\/5\/2022\/12\/Alpenclub-768x601.jpg 768w\" sizes=\"auto, (max-width: 870px) 100vw, 870px\" \/><\/figure>\n<\/div>\n<\/div>\n\n\n\n<hr class=\"wp-block-separator has-alpha-channel-opacity\"\/>\n\n\n\n<div class=\"wp-block-columns is-layout-flex wp-container-core-columns-is-layout-28f84493 wp-block-columns-is-layout-flex\">\n<div class=\"wp-block-column is-layout-flow wp-block-column-is-layout-flow\">\n<p><strong>75 000 und andere Geschichten von Gott Geld und Gl\u00fcck<\/strong><\/p>\n\n\n\n<p class=\"has-small-font-size\">Scholem Alejchem (Tewje der Milchmann\/Anatevka) war ein Meister der Erz\u00e4hlkunst. Seine Geschichten berichten von kleinen Menschen, die sich erlauben inmitten aller Widrigkeiten vom grossen Gl\u00fcck zu tr\u00e4umen. Ein Losgewinn, einen \u00abbald verflossenen Kalender\u00bb vor Neujahr noch loswerden, oder wenigstens ein Mal im Leben ein R\u00fchrei essen!<\/p>\n\n\n\n<p class=\"has-small-font-size\">Dan Wiener hat die Geschichten 1998 als deutsche Erst\u00fcbersetzungen bei Reclam Leipzig herausgebracht.<\/p>\n\n\n\n<p class=\"has-small-font-size\">Das Buch ist vergriffen. Bei uns k\u00f6nnen Sie noch ein paar Exemplare bestellen.<br>CHF 15.00 + Versand<\/p>\n<\/div>\n\n\n\n<div class=\"wp-block-column is-layout-flow wp-block-column-is-layout-flow\">\n<figure class=\"wp-block-image size-large\"><img loading=\"lazy\" decoding=\"async\" width=\"638\" height=\"1024\" src=\"https:\/\/wiener.ch\/thorgevsky-wiener\/wp-content\/uploads\/sites\/5\/2022\/12\/75000-638x1024.jpg\" alt=\"\" class=\"wp-image-164\" srcset=\"https:\/\/wiener.ch\/thorgevsky-wiener\/wp-content\/uploads\/sites\/5\/2022\/12\/75000-638x1024.jpg 638w, https:\/\/wiener.ch\/thorgevsky-wiener\/wp-content\/uploads\/sites\/5\/2022\/12\/75000-187x300.jpg 187w, https:\/\/wiener.ch\/thorgevsky-wiener\/wp-content\/uploads\/sites\/5\/2022\/12\/75000-768x1232.jpg 768w, https:\/\/wiener.ch\/thorgevsky-wiener\/wp-content\/uploads\/sites\/5\/2022\/12\/75000.jpg 870w\" sizes=\"auto, (max-width: 638px) 100vw, 638px\" \/><\/figure>\n<\/div>\n<\/div>\n\n\n\n<hr class=\"wp-block-separator has-alpha-channel-opacity\"\/>\n\n\n\n<p class=\"has-large-font-size\"><strong>B\u00dcCHER F\u00dcR KINDER<\/strong><\/p>\n\n\n\n<div class=\"wp-block-columns is-layout-flex wp-container-core-columns-is-layout-28f84493 wp-block-columns-is-layout-flex\">\n<div class=\"wp-block-column is-layout-flow wp-block-column-is-layout-flow\">\n<p class=\"has-large-font-size\"><strong>Vom Joggeli mit de Zoggeli<\/strong><\/p>\n\n\n\n<p class=\"has-small-font-size\">Schweizerdeutsch f\u00fcr Kinder ab 4<\/p>\n\n\n\n<p class=\"has-small-font-size\">Diesen neuen Joggeli von Dan Wiener muss man laut (vor)lesen, denn es ist ein Lautgedicht, eine Wortspielerei und eine schreckliche Serie von Missverst\u00e4ndnissen mit Happy End. (Wunderbar illustriert von J\u00fcrg Obrist)<\/p>\n\n\n\n<p>Erschienen im Baeschlin Verlag, Glarus<br>ISBN: 978-3-85546-330-5<br>CHF 24.90 + Versand<\/p>\n<\/div>\n\n\n\n<div class=\"wp-block-column is-layout-flow wp-block-column-is-layout-flow\">\n<figure class=\"wp-block-image size-full is-resized\"><img loading=\"lazy\" decoding=\"async\" width=\"870\" height=\"378\" src=\"https:\/\/wiener.ch\/thorgevsky-wiener\/wp-content\/uploads\/sites\/5\/2022\/12\/Joggeli1.jpg\" alt=\"\" class=\"wp-image-165\" style=\"width:313px;height:135px\" srcset=\"https:\/\/wiener.ch\/thorgevsky-wiener\/wp-content\/uploads\/sites\/5\/2022\/12\/Joggeli1.jpg 870w, https:\/\/wiener.ch\/thorgevsky-wiener\/wp-content\/uploads\/sites\/5\/2022\/12\/Joggeli1-300x130.jpg 300w, https:\/\/wiener.ch\/thorgevsky-wiener\/wp-content\/uploads\/sites\/5\/2022\/12\/Joggeli1-768x334.jpg 768w\" sizes=\"auto, (max-width: 870px) 100vw, 870px\" \/><\/figure>\n<\/div>\n<\/div>\n\n\n\n<hr class=\"wp-block-separator has-alpha-channel-opacity\"\/>\n\n\n\n<div class=\"wp-block-columns is-layout-flex wp-container-core-columns-is-layout-28f84493 wp-block-columns-is-layout-flex\">\n<div class=\"wp-block-column is-layout-flow wp-block-column-is-layout-flow\">\n<p class=\"has-large-font-size\"><strong>Die Seetaler Drachensaga<\/strong><\/p>\n\n\n\n<p class=\"has-small-font-size\">Band 234 der Drachenforschung<br>Deutsch, f\u00fcr Kinder ab 6<\/p>\n\n\n\n<p class=\"has-small-font-size\">Im Seetal gibt es so viele Drachen, dass nicht einmal die Drachen selber wissen, wer mit wem verwandt ist. Zum Gl\u00fcck hat der Drachenforscher Ambrosius Ferdinand Sigismund Maria von und zu Drachenfels noch die \u00dcbersicht. In dieser Enzyklop\u00e4die stellt er die verschiedenen Drachenfamilien vor. Er zeigt, wo sie leben, was sie fressen, wie sie k\u00e4mpfen. Auch \u00fcber die Feste berichtet er, zum Beispiel \u00fcber das Drachenfamilienfest, an dem alle besonders schlecht gelaunt sind. Denn Drachen hassen Familientreffen!<br>Nach dem Fest sagen alle, es sei das letzte gewesen. Und im n\u00e4chsten Jahr sind sie trotzdem wieder da. Drachenfamilien funktionieren eben ganz anders als Menschenfamilien!<\/p>\n\n\n\n<p class=\"has-small-font-size\">Erschienen im Baeschlin Verlag, Glarus<br>ISBN: 978-3-85546-331-2<br>CHF 24.90 + Versand<\/p>\n<\/div>\n\n\n\n<div class=\"wp-block-column is-layout-flow wp-block-column-is-layout-flow\">\n<figure class=\"wp-block-image size-large\"><img loading=\"lazy\" decoding=\"async\" width=\"718\" height=\"1024\" src=\"https:\/\/wiener.ch\/thorgevsky-wiener\/wp-content\/uploads\/sites\/5\/2022\/12\/Drachensaga-718x1024.jpg\" alt=\"\" class=\"wp-image-166\" srcset=\"https:\/\/wiener.ch\/thorgevsky-wiener\/wp-content\/uploads\/sites\/5\/2022\/12\/Drachensaga-718x1024.jpg 718w, https:\/\/wiener.ch\/thorgevsky-wiener\/wp-content\/uploads\/sites\/5\/2022\/12\/Drachensaga-210x300.jpg 210w, https:\/\/wiener.ch\/thorgevsky-wiener\/wp-content\/uploads\/sites\/5\/2022\/12\/Drachensaga-768x1095.jpg 768w, https:\/\/wiener.ch\/thorgevsky-wiener\/wp-content\/uploads\/sites\/5\/2022\/12\/Drachensaga.jpg 870w\" sizes=\"auto, (max-width: 718px) 100vw, 718px\" \/><\/figure>\n<\/div>\n<\/div>\n\n\n\n<hr class=\"wp-block-separator has-alpha-channel-opacity\"\/>\n\n\n\n<div class=\"wp-block-columns is-layout-flex wp-container-core-columns-is-layout-28f84493 wp-block-columns-is-layout-flex\">\n<div class=\"wp-block-column is-layout-flow wp-block-column-is-layout-flow\">\n<p class=\"has-large-font-size\"><strong>Der Fischer und seine Frau<\/strong><\/p>\n\n\n\n<p>Neu von Dan Wiener in Reimform gegossen<br>Deutsch, f\u00fcr Kinder ab 8<\/p>\n\n\n\n<p class=\"has-small-font-size\">Der Fischer und seine Frau bekommen die Gelegenheit, sich alle W\u00fcnsche zu erf\u00fcllen, und wissen nichts Gescheites damit anzufangen. Sie sind zeitloses Sinnbild f\u00fcr die menschliche Gier und Dummheit, die Uners\u00e4ttlichkeit der Wohlstands- und Konsumgesellschaft und die Unf\u00e4higkeit, aus eingefahrenen Beziehungsmustern auszubrechen.<\/p>\n\n\n\n<p class=\"has-small-font-size\">Dan Wiener erz\u00e4hlt den M\u00e4rchenklassiker in schwungvoller Gedichtform und verleiht ihm einen raffinierten neuinterpretierten Schluss mit besonderer Pointe. Andrey Fedorchenko begleitet die Geschichte mit farbintensiven Bildern.<\/p>\n\n\n\n<p class=\"has-small-font-size\">Erschienen im Baeschlin Verlag, Glarus<br>ISBN: 978-3-03893-033-4<br>CHF 29.80 + Versand<\/p>\n<\/div>\n\n\n\n<div class=\"wp-block-column is-layout-flow wp-block-column-is-layout-flow\">\n<figure class=\"wp-block-image size-full\"><img loading=\"lazy\" decoding=\"async\" width=\"870\" height=\"617\" src=\"https:\/\/wiener.ch\/thorgevsky-wiener\/wp-content\/uploads\/sites\/5\/2022\/12\/Fischer.jpg\" alt=\"\" class=\"wp-image-168\" srcset=\"https:\/\/wiener.ch\/thorgevsky-wiener\/wp-content\/uploads\/sites\/5\/2022\/12\/Fischer.jpg 870w, https:\/\/wiener.ch\/thorgevsky-wiener\/wp-content\/uploads\/sites\/5\/2022\/12\/Fischer-300x213.jpg 300w, https:\/\/wiener.ch\/thorgevsky-wiener\/wp-content\/uploads\/sites\/5\/2022\/12\/Fischer-768x545.jpg 768w\" sizes=\"auto, (max-width: 870px) 100vw, 870px\" \/><\/figure>\n<\/div>\n<\/div>\n\n\n\n<hr class=\"wp-block-separator has-alpha-channel-opacity\"\/>\n\n\n\n<div class=\"wp-block-columns is-layout-flex wp-container-core-columns-is-layout-28f84493 wp-block-columns-is-layout-flex\">\n<div class=\"wp-block-column is-layout-flow wp-block-column-is-layout-flow\">\n<p class=\"has-large-font-size\"><strong>Die RIESEN Riesengeschichte<\/strong><\/p>\n\n\n\n<p>Eine Berggeschichte voller Martins und Martinas von Dan Wiener<br>Deutsch, f\u00fcr Kinder ab 6<\/p>\n\n\n\n<p class=\"has-small-font-size\">Die Tschingelh\u00f6rner sind eigentlich Riesenriesen, das Martinsloch hat der \u00fcbereifrige Hirte Martin in den Stein geschlagen und die Haupt\u00fcberschiebung hat uns der Riese Sardona eingebrockt. Das jedenfalls sagt Grossmutter Martina. Sie ist etwas gr\u00f6sser als alle anderen \u2013 darum heisst sie ja auch Grossmutter. Martin, der Enkel, ist skeptisch. Aber einen Riesen w\u00fcrde er schon gerne treffen. Nicht die Riesenriesen, die streiten immer, aber den nicht ganz so grossen Riesen Martin. Leider ist die Grossmutter keine grosse Hilfe. Immer hat sie etwas anderes zu tun. Aber Martin vermutet schon, dass ihm Martina nicht die ganze Wahrheit erz\u00e4hlt hat \u2026<\/p>\n\n\n\n<p class=\"has-small-font-size\">Erschienen im Baeschlin Verlag, Glarus<br>ISBN: 978-3-85546-296-4<br>CHF 29.80 + Versand<\/p>\n<\/div>\n\n\n\n<div class=\"wp-block-column is-layout-flow wp-block-column-is-layout-flow\">\n<figure class=\"wp-block-image size-full\"><img loading=\"lazy\" decoding=\"async\" width=\"870\" height=\"644\" src=\"https:\/\/wiener.ch\/thorgevsky-wiener\/wp-content\/uploads\/sites\/5\/2022\/12\/Riesen.jpg\" alt=\"\" class=\"wp-image-169\" srcset=\"https:\/\/wiener.ch\/thorgevsky-wiener\/wp-content\/uploads\/sites\/5\/2022\/12\/Riesen.jpg 870w, https:\/\/wiener.ch\/thorgevsky-wiener\/wp-content\/uploads\/sites\/5\/2022\/12\/Riesen-300x222.jpg 300w, https:\/\/wiener.ch\/thorgevsky-wiener\/wp-content\/uploads\/sites\/5\/2022\/12\/Riesen-768x568.jpg 768w\" sizes=\"auto, (max-width: 870px) 100vw, 870px\" \/><\/figure>\n<\/div>\n<\/div>\n\n\n\n<hr class=\"wp-block-separator has-alpha-channel-opacity\"\/>\n\n\n\n<p class=\"has-large-font-size\"><strong>FACHB\u00dcCHER (Deutsch und English)<\/strong><\/p>\n\n\n\n<div class=\"wp-block-columns is-layout-flex wp-container-core-columns-is-layout-28f84493 wp-block-columns-is-layout-flex\">\n<div class=\"wp-block-column is-layout-flow wp-block-column-is-layout-flow\">\n<p class=\"has-large-font-size\"><strong>Manage Yourself, Before Others Do!<\/strong><\/p>\n\n\n\n<p>Ein Handbuch zum selbstbestimmten Handeln<\/p>\n\n\n\n<p class=\"has-small-font-size\">Eine Anleitung seine Ziele, Zeit, Entscheidungen und deren Umsetzung selbst zu bestimmen.<\/p>\n\n\n\n<p class=\"has-small-font-size\">Auf Deutsch und auf Englisch<br>als Hardcover und E-Book erschienen 2021 in der Edition Panta Rhei, Z\u00fcrich<\/p>\n\n\n\n<p class=\"has-small-font-size\">Bestellungslink:<br><a href=\"https:\/\/c-culture.com\/books\/\" data-type=\"URL\" data-id=\"https:\/\/c-culture.com\/books\/\">www.c-culture.com\/books<\/a><\/p>\n<\/div>\n\n\n\n<div class=\"wp-block-column is-layout-flow wp-block-column-is-layout-flow\">\n<figure class=\"wp-block-image size-full\"><img loading=\"lazy\" decoding=\"async\" width=\"837\" height=\"948\" src=\"https:\/\/wiener.ch\/thorgevsky-wiener\/wp-content\/uploads\/sites\/5\/2022\/12\/Manage.jpg\" alt=\"\" class=\"wp-image-170\" srcset=\"https:\/\/wiener.ch\/thorgevsky-wiener\/wp-content\/uploads\/sites\/5\/2022\/12\/Manage.jpg 837w, https:\/\/wiener.ch\/thorgevsky-wiener\/wp-content\/uploads\/sites\/5\/2022\/12\/Manage-265x300.jpg 265w, https:\/\/wiener.ch\/thorgevsky-wiener\/wp-content\/uploads\/sites\/5\/2022\/12\/Manage-768x870.jpg 768w\" sizes=\"auto, (max-width: 837px) 100vw, 837px\" \/><\/figure>\n<\/div>\n<\/div>\n\n\n\n<hr class=\"wp-block-separator has-alpha-channel-opacity\"\/>\n\n\n\n<div class=\"wp-block-columns is-layout-flex wp-container-core-columns-is-layout-28f84493 wp-block-columns-is-layout-flex\">\n<div class=\"wp-block-column is-layout-flow wp-block-column-is-layout-flow\">\n<p class=\"has-large-font-size\"><strong>Kultur, Vielfalt, Integration<\/strong><\/p>\n\n\n\n<p>Ein Kompass im Dschungel kultureller Unterschiede<\/p>\n\n\n\n<p class=\"has-small-font-size\">Um die zunehmend multikulturelle Welt um uns herum und in uns selbst nicht als Schwierigkeit sondern als Chance zu sehen, braucht es Orientierung und \u00dcbersicht. Dieses Buch verbindet eine systematische Herangehensweise mit konkreten Beispielen und erg\u00e4nzt durch pers\u00f6nliche Gedanken des Autors.<\/p>\n<\/div>\n\n\n\n<div class=\"wp-block-column is-layout-flow wp-block-column-is-layout-flow\">\n<figure class=\"wp-block-image size-full\"><img loading=\"lazy\" decoding=\"async\" width=\"837\" height=\"948\" src=\"https:\/\/wiener.ch\/thorgevsky-wiener\/wp-content\/uploads\/sites\/5\/2022\/12\/Culture.jpg\" alt=\"\" class=\"wp-image-171\" srcset=\"https:\/\/wiener.ch\/thorgevsky-wiener\/wp-content\/uploads\/sites\/5\/2022\/12\/Culture.jpg 837w, https:\/\/wiener.ch\/thorgevsky-wiener\/wp-content\/uploads\/sites\/5\/2022\/12\/Culture-265x300.jpg 265w, https:\/\/wiener.ch\/thorgevsky-wiener\/wp-content\/uploads\/sites\/5\/2022\/12\/Culture-768x870.jpg 768w\" sizes=\"auto, (max-width: 837px) 100vw, 837px\" \/><\/figure>\n<\/div>\n<\/div>\n\n\n\n<p class=\"has-small-font-size\">Auf Deutsch und auf Englisch<br>als Hardcover und E-Book<br>erschienen 2022 in der Edition Panta Rhei, Z\u00fcrich<\/p>\n\n\n\n<p class=\"has-small-font-size\">Bestellungslink:<br><a href=\"https:\/\/c-culture.com\/books\/\" data-type=\"URL\" data-id=\"https:\/\/c-culture.com\/books\/\">www.c-culture.com\/books<\/a><\/p>\n\n\n\n<hr class=\"wp-block-separator has-alpha-channel-opacity\"\/>\n","protected":false},"excerpt":{"rendered":"<p>Wir haben hier eine sch\u00f6ne Auswahl an B\u00fcchern anzubieten, die in jeder Buchhandlung oder bei uns (z.B. inkl. Widmung) bestellt werden k\u00f6nnen Mail an Thorgevsky &amp; Wiener Wo Berge das Sagen haben Kl\u00f6ntaler Geschichten von Maria Thorgevskaja Was wurde nicht schon alles \u00fcber Berge geschrieben! Sie werden besungen, gemalt und bestiegen.Maria Thorgevskaja kehrt die Sache [&hellip;]<\/p>\n","protected":false},"author":3,"featured_media":0,"parent":0,"menu_order":0,"comment_status":"closed","ping_status":"closed","template":"","meta":{"footnotes":""},"class_list":["post-161","page","type-page","status-publish","hentry"],"_links":{"self":[{"href":"https:\/\/wiener.ch\/thorgevsky-wiener\/wp-json\/wp\/v2\/pages\/161","targetHints":{"allow":["GET"]}}],"collection":[{"href":"https:\/\/wiener.ch\/thorgevsky-wiener\/wp-json\/wp\/v2\/pages"}],"about":[{"href":"https:\/\/wiener.ch\/thorgevsky-wiener\/wp-json\/wp\/v2\/types\/page"}],"author":[{"embeddable":true,"href":"https:\/\/wiener.ch\/thorgevsky-wiener\/wp-json\/wp\/v2\/users\/3"}],"replies":[{"embeddable":true,"href":"https:\/\/wiener.ch\/thorgevsky-wiener\/wp-json\/wp\/v2\/comments?post=161"}],"version-history":[{"count":5,"href":"https:\/\/wiener.ch\/thorgevsky-wiener\/wp-json\/wp\/v2\/pages\/161\/revisions"}],"predecessor-version":[{"id":208,"href":"https:\/\/wiener.ch\/thorgevsky-wiener\/wp-json\/wp\/v2\/pages\/161\/revisions\/208"}],"wp:attachment":[{"href":"https:\/\/wiener.ch\/thorgevsky-wiener\/wp-json\/wp\/v2\/media?parent=161"}],"curies":[{"name":"wp","href":"https:\/\/api.w.org\/{rel}","templated":true}]}}